{"id":5327,"date":"2023-12-07T13:44:08","date_gmt":"2023-12-07T13:44:08","guid":{"rendered":"https:\/\/www.historial.fr\/ressourcen\/internationale-forschungszentrum\/ressourcen\/"},"modified":"2024-03-18T09:23:48","modified_gmt":"2024-03-18T09:23:48","slug":"ressourcen","status":"publish","type":"page","link":"https:\/\/www.historial.fr\/de\/ressourcen\/internationale-forschungszentrum\/ressourcen\/","title":{"rendered":"Ressourcen"},"content":{"rendered":"\t\t<div data-elementor-type=\"wp-page\" data-elementor-id=\"5327\" class=\"elementor elementor-5327 elementor-408\">\n\t\t\t\t<div class=\"elementor-element elementor-element-6f3bdcfc e-flex e-con-boxed e-con e-parent\" data-id=\"6f3bdcfc\" data-element_type=\"container\" data-e-type=\"container\" data-settings=\"{&quot;background_background&quot;:&quot;classic&quot;}\">\n\t\t\t\t\t<div class=\"e-con-inner\">\n\t\t\t\t<div class=\"elementor-element elementor-element-66ce2d8d elementor-widget__width-inherit elementor-widget elementor-widget-heading\" data-id=\"66ce2d8d\" data-element_type=\"widget\" data-e-type=\"widget\" data-widget_type=\"heading.default\">\n\t\t\t\t<div class=\"elementor-widget-container\">\n\t\t\t\t\t<h1 class=\"elementor-heading-title elementor-size-default\">Ressourcen<\/h1>\t\t\t\t<\/div>\n\t\t\t\t<\/div>\n\t\t\t\t\t<\/div>\n\t\t\t\t<\/div>\n\t\t<div class=\"elementor-element elementor-element-6bfbe881 e-flex e-con-boxed e-con e-parent\" data-id=\"6bfbe881\" data-element_type=\"container\" data-e-type=\"container\">\n\t\t\t\t\t<div class=\"e-con-inner\">\n\t\t\t\t<div class=\"elementor-element elementor-element-7e97915 elementor-widget elementor-widget-heading\" data-id=\"7e97915\" data-element_type=\"widget\" data-e-type=\"widget\" data-widget_type=\"heading.default\">\n\t\t\t\t<div class=\"elementor-widget-container\">\n\t\t\t\t\t<h2 class=\"elementor-heading-title elementor-size-default\">Konferenzen, Kolloquien &amp; Ver\u00f6ffentlichungen<\/h2>\t\t\t\t<\/div>\n\t\t\t\t<\/div>\n\t\t\t\t<div class=\"elementor-element elementor-element-3636c8e8 elementor-widget elementor-widget-text-editor\" data-id=\"3636c8e8\" data-element_type=\"widget\" data-e-type=\"widget\" data-widget_type=\"text-editor.default\">\n\t\t\t\t<div class=\"elementor-widget-container\">\n\t\t\t\t\t\t\t\t\t<p>Hier finden Sie Bekanntmachungen von Konferenzen und Kolloquien, eine Liste der j\u00fcngsten Ver\u00f6ffentlichungen sowie die neuesten aufgezeichneten Konferenzen<\/p>\n\t\t\t\t\t\t\t\t<\/div>\n\t\t\t\t<\/div>\n\t\t\t\t\t<\/div>\n\t\t\t\t<\/div>\n\t\t<div class=\"elementor-element elementor-element-e02c37b e-flex e-con-boxed e-con e-parent\" data-id=\"e02c37b\" data-element_type=\"container\" data-e-type=\"container\">\n\t\t\t\t\t<div class=\"e-con-inner\">\n\t\t\t\t<div class=\"elementor-element elementor-element-c01dbf3 elementor-widget elementor-widget-heading\" data-id=\"c01dbf3\" data-element_type=\"widget\" data-e-type=\"widget\" data-widget_type=\"heading.default\">\n\t\t\t\t<div class=\"elementor-widget-container\">\n\t\t\t\t\t<h2 class=\"elementor-heading-title elementor-size-default\">\u00ab Centenaire de la partition de l\u2019Irlande en 1920 \u00bb (Die hundertj\u00e4hrige Teilung Irlands 1920)\nVideo-Vortrag von John Horne\n<\/h2>\t\t\t\t<\/div>\n\t\t\t\t<\/div>\n\t\t\t\t<div class=\"elementor-element elementor-element-4069f2c elementor-widget elementor-widget-text-editor\" data-id=\"4069f2c\" data-element_type=\"widget\" data-e-type=\"widget\" data-widget_type=\"text-editor.default\">\n\t\t\t\t<div class=\"elementor-widget-container\">\n\t\t\t\t\t\t\t\t\t<p>Im Rahmen des <strong>hundertsten Jahrestags der Teilung Irlands<\/strong> im Jahr 1920 erz\u00e4hlt <strong>John Horne<\/strong> (emeritierter Professor am Trinity College Dublin, stellvertretender Vorsitzender des internationalen Forschungszentrums des Historial de la Grande Guerre) die Geschichte aus der einzigartigen Perspektive des gro\u00dfen Schriftstellers, Journalisten und Kriegsveteranen <strong>Joseph Kessel.<\/strong><\/p><p><a href=\"https:\/\/vimeo.com\/485901233\" target=\"_blank\" rel=\"noopener\">Video ansehen<\/a><\/p>\t\t\t\t\t\t\t\t<\/div>\n\t\t\t\t<\/div>\n\t\t\t\t\t<\/div>\n\t\t\t\t<\/div>\n\t\t<div class=\"elementor-element elementor-element-193b8a3 e-flex e-con-boxed e-con e-parent\" data-id=\"193b8a3\" data-element_type=\"container\" data-e-type=\"container\">\n\t\t\t\t\t<div class=\"e-con-inner\">\n\t\t\t\t<div class=\"elementor-element elementor-element-a10e4fe elementor-widget elementor-widget-heading\" data-id=\"a10e4fe\" data-element_type=\"widget\" data-e-type=\"widget\" data-widget_type=\"heading.default\">\n\t\t\t\t<div class=\"elementor-widget-container\">\n\t\t\t\t\t<h2 class=\"elementor-heading-title elementor-size-default\">\u00ab L\u2019histoire de la c\u00e9r\u00e9monie du 11 novembre \u00bb (Die Geschichte der Zeremonie vom 11. November)\nVideo-Vortrag von Annette Becker\n<\/h2>\t\t\t\t<\/div>\n\t\t\t\t<\/div>\n\t\t\t\t<div class=\"elementor-element elementor-element-f75e149 elementor-widget elementor-widget-text-editor\" data-id=\"f75e149\" data-element_type=\"widget\" data-e-type=\"widget\" data-widget_type=\"text-editor.default\">\n\t\t\t\t<div class=\"elementor-widget-container\">\n\t\t\t\t\t\t\t\t\t<p>Anl\u00e4sslich des 100. Jahrestages der Zeremonie am 11. November erz\u00e4hlt <strong>Annette Becker<\/strong> (Universit\u00e4t Paris-Nanterre, stellvertretende Vorsitzende des internationalen Forschungszentrums des Historial de la Grande Guerre) die Geschichte dieser Zeremonie.<\/p><p><a href=\"https:\/\/vimeo.com\/478002503\" target=\"_blank\" rel=\"noopener\">Video ansehen<\/a><\/p>\t\t\t\t\t\t\t\t<\/div>\n\t\t\t\t<\/div>\n\t\t\t\t\t<\/div>\n\t\t\t\t<\/div>\n\t\t<div class=\"elementor-element elementor-element-cb434b7 e-flex e-con-boxed e-con e-parent\" data-id=\"cb434b7\" data-element_type=\"container\" data-e-type=\"container\">\n\t\t\t\t\t<div class=\"e-con-inner\">\n\t\t\t\t<div class=\"elementor-element elementor-element-a6e20ca elementor-widget elementor-widget-heading\" data-id=\"a6e20ca\" data-element_type=\"widget\" data-e-type=\"widget\" data-widget_type=\"heading.default\">\n\t\t\t\t<div class=\"elementor-widget-container\">\n\t\t\t\t\t<h2 class=\"elementor-heading-title elementor-size-default\">\u00ab Charles de Gaulle en Grande Guerre : le laboratoire de la Guerre de trente ans \u00bb (Charles de Gaulle im gro\u00dfen Krieg: Das Labor des Drei\u00dfigj\u00e4hrigen Krieges)\nVortrag von Annette Becker\n<\/h2>\t\t\t\t<\/div>\n\t\t\t\t<\/div>\n\t\t\t\t<div class=\"elementor-element elementor-element-c17a2f5 elementor-widget elementor-widget-text-editor\" data-id=\"c17a2f5\" data-element_type=\"widget\" data-e-type=\"widget\" data-widget_type=\"text-editor.default\">\n\t\t\t\t<div class=\"elementor-widget-container\">\n\t\t\t\t\t\t\t\t\t<p>Der Erste Weltkrieg des frisch aus Saint-Cyr entlassenen Mannes aus Lille wurde lange Zeit untersch\u00e4tzt. Dabei haben die besetzte Region im Norden, die K\u00e4mpfe des jungen Leutnants und vor allem die bittere Erfahrung in den Gefangenenlagern stark zu seinem sp\u00e4teren Handeln beigetragen.<\/p><p><a href=\"https:\/\/vimeo.com\/429936600\" target=\"_blank\" rel=\"noopener\">Video ansehen<\/a><\/p>\t\t\t\t\t\t\t\t<\/div>\n\t\t\t\t<\/div>\n\t\t\t\t\t<\/div>\n\t\t\t\t<\/div>\n\t\t<div class=\"elementor-element elementor-element-0d9218b e-flex e-con-boxed e-con e-parent\" data-id=\"0d9218b\" data-element_type=\"container\" data-e-type=\"container\">\n\t\t\t\t\t<div class=\"e-con-inner\">\n\t\t\t\t<div class=\"elementor-element elementor-element-973158e elementor-widget elementor-widget-heading\" data-id=\"973158e\" data-element_type=\"widget\" data-e-type=\"widget\" data-widget_type=\"heading.default\">\n\t\t\t\t<div class=\"elementor-widget-container\">\n\t\t\t\t\t<h2 class=\"elementor-heading-title elementor-size-default\">\u00ab La crise fran\u00e7aise du Covid-19 : pr\u00e9sences de la Grande Guerre \u00bb (Die franz\u00f6sische Krise des Covid-19: Gegenw\u00e4rtigkeit des Gro\u00dfen Krieges)\nVortrag von St\u00e9phane Audoin-Rouzeau\n<\/h2>\t\t\t\t<\/div>\n\t\t\t\t<\/div>\n\t\t\t\t<div class=\"elementor-element elementor-element-9e2a440 elementor-widget elementor-widget-text-editor\" data-id=\"9e2a440\" data-element_type=\"widget\" data-e-type=\"widget\" data-widget_type=\"text-editor.default\">\n\t\t\t\t<div class=\"elementor-widget-container\">\n\t\t\t\t\t\t\t\t\t<p>Die Covid-19-Pandemie und eine lange, zweimonatige Ausgangssperre f\u00fchrten im franz\u00f6sischen politischen Diskurs in den h\u00f6chsten Regierungskreisen zum Aufgriff einer Kriegsrhetorik, die sich <strong>besonders auf den Ersten Weltkrieg konzentrierte.<\/strong> Insbesondere der franz\u00f6sische Staatspr\u00e4sident griff auf eine Terminologie und eine Reihe von Bildern zur\u00fcck, die erstmals zwischen 1914 und 1918 verwendet worden waren.<\/p><p><strong>Dans cette courte conf\u00e9rence vid\u00e9o, In diesem kurzen Videovortrag analysiert St\u00e9phane Audoin-Rouzeau<\/strong>, Vorsitzender des Internationalen Forschungszentrums des Historial de la Grande Guerre, diesen massiven R\u00fcckgriff auf den \u201eReferenten 14-18\u201c und hinterfragt diese Besonderheit des franz\u00f6sischen Geschichtsged\u00e4chtnisses in Krisenzeiten.<\/p><p><a href=\"https:\/\/vimeo.com\/425800125\" target=\"_blank\" rel=\"noopener\">Video ansehen<\/a><\/p>\t\t\t\t\t\t\t\t<\/div>\n\t\t\t\t<\/div>\n\t\t\t\t\t<\/div>\n\t\t\t\t<\/div>\n\t\t<div class=\"elementor-element elementor-element-3743433 e-flex e-con-boxed e-con e-parent\" data-id=\"3743433\" data-element_type=\"container\" data-e-type=\"container\">\n\t\t\t\t\t<div class=\"e-con-inner\">\n\t\t\t\t<div class=\"elementor-element elementor-element-20d4860 elementor-widget elementor-widget-heading\" data-id=\"20d4860\" data-element_type=\"widget\" data-e-type=\"widget\" data-widget_type=\"heading.default\">\n\t\t\t\t<div class=\"elementor-widget-container\">\n\t\t\t\t\t<h2 class=\"elementor-heading-title elementor-size-default\">\u00ab Le douloureux enfantement d\u2019une nation sur une terre de sang : Ukraine, XX\u00e8me XXI\u00e8me Si\u00e8cles \u00bb (Die schwere Geburt einer Nation auf blutigem Boden: Ukraine, 20. und 21. Jahrhundert)\nVortrag von Nicolas Werth (CNRS)\n<\/h2>\t\t\t\t<\/div>\n\t\t\t\t<\/div>\n\t\t\t\t<div class=\"elementor-element elementor-element-4dfa90b elementor-widget elementor-widget-text-editor\" data-id=\"4dfa90b\" data-element_type=\"widget\" data-e-type=\"widget\" data-widget_type=\"text-editor.default\">\n\t\t\t\t<div class=\"elementor-widget-container\">\n\t\t\t\t\t\t\t\t\t<p>Erst 1991 wurde die Ukraine, das \u201eGrenzland\u201c (so die urspr\u00fcngliche Bedeutung des Wortes \u201eUkraine\u201c), nach einem langen und schmerzhaften Weg als Nationalstaat konstituiert, nach dem Scheitern eines ersten Unabh\u00e4ngigkeitsversuchs in den Jahren 1917-1920 im Anschluss an die Revolutionen von 1917, die das Russische Reich zu Fall gebracht hatten. Am 1. Dezember 1991 stimmten \u00fcber 90 % der B\u00fcrger der damaligen Ukrainischen Sozialistischen Sowjetrepublik f\u00fcr die Unabh\u00e4ngigkeit. Diese Unabh\u00e4ngigkeit wird heute von Wladimir Putins Regime bestritten, das nicht z\u00f6gerte, den ersten gro\u00dfen Krieg auf europ\u00e4ischem Boden im 21<sup>.<\/sup> Jahrhundert zu beginnen, um die Ukraine angeblich zu \u201eentnazifizieren\u201c und zu \u201eentmilitarisieren\u201c. Die Ukraine ist seither erneut zum Schauplatz der Gewalt. Une Ukraine redevenue d\u00e8s lors une \u00ab terre de sang \u00bb.<\/p>\n<p><a href=\"https:\/\/webtv.u-picardie.fr\/watch_video.php?v=5DD93C3A5CEA0D032F790C9C69FA2DC8\" target=\"_blank\" rel=\"noopener\">Web TV<\/a><\/p>\n\t\t\t\t\t\t\t\t<\/div>\n\t\t\t\t<\/div>\n\t\t\t\t\t<\/div>\n\t\t\t\t<\/div>\n\t\t<div class=\"elementor-element elementor-element-e4b4110 e-flex e-con-boxed e-con e-parent\" data-id=\"e4b4110\" data-element_type=\"container\" data-e-type=\"container\">\n\t\t\t\t\t<div class=\"e-con-inner\">\n\t\t\t\t<div class=\"elementor-element elementor-element-d02d1d5 elementor-widget elementor-widget-heading\" data-id=\"d02d1d5\" data-element_type=\"widget\" data-e-type=\"widget\" data-widget_type=\"heading.default\">\n\t\t\t\t<div class=\"elementor-widget-container\">\n\t\t\t\t\t<h2 class=\"elementor-heading-title elementor-size-default\">Enzyklop\u00e4die des Gro\u00dfen Krieges <\/h2>\t\t\t\t<\/div>\n\t\t\t\t<\/div>\n\t\t\t\t<div class=\"elementor-element elementor-element-78d0895 elementor-widget elementor-widget-text-editor\" data-id=\"78d0895\" data-element_type=\"widget\" data-e-type=\"widget\" data-widget_type=\"text-editor.default\">\n\t\t\t\t<div class=\"elementor-widget-container\">\n\t\t\t\t\t\t\t\t\t<p>In dieser Rubrik finden Sie die Illustrationshefte der Neuauflage 2012 der <em>Encyclop\u00e9die de la Grande Guerre<\/em> bei Editions Perrin, Collection Tempus, die mehr als sechzig Objekte und Werke versammelt, die gr\u00f6\u00dftenteils unver\u00f6ffentlicht sind und alle aus der sehr reichen Sammlung des Historial de la Grande Guerre in P\u00e9ronne stammen.<\/p>\n<p><u>ISBN-Nummern: 978-2-262-03126-8 (Sammelband), 978-2-262-03108-4 (Band 1), 978-2-262-03109-1 (Band 2<\/u><\/p>\n<p>Encyclop\u00e9die de la Grande Guerre \u2013 Band 1<br \/>Erster Teil: Le monde avant 1914 et l\u2019\u00e9clatement de la guerre<br \/>Zweiter Teil: Combattre<br \/>Dritter Teil: Conduire la guerre<\/p>\n<p>Encyclop\u00e9die de la Grande Guerre \u2013 Band 2<br \/>Vierter Teil: Fronts int\u00e9rieurs et culture de guerre<br \/>F\u00fcnfter Teil: \u00c0 la marge de la guerre<br \/>Sechster Teil: La liquidation de la guerre<br \/>Siebter Teil: L\u2019empreinte de la Grande Guerre<\/p>\n\t\t\t\t\t\t\t\t<\/div>\n\t\t\t\t<\/div>\n\t\t\t\t\t<\/div>\n\t\t\t\t<\/div>\n\t\t\t\t<\/div>\n\t\t","protected":false},"excerpt":{"rendered":"<p>Ressourcen Konferenzen, Kolloquien &amp; Ver\u00f6ffentlichungen Hier finden Sie Bekanntmachungen von Konferenzen und Kolloquien, eine Liste der j\u00fcngsten Ver\u00f6ffentlichungen sowie die neuesten aufgezeichneten Konferenzen \u00ab Centenaire de la partition de l\u2019Irlande [&hellip;]<\/p>\n","protected":false},"author":2,"featured_media":0,"parent":5209,"menu_order":0,"comment_status":"closed","ping_status":"closed","template":"","meta":{"_acf_changed":false,"footnotes":""},"class_list":["post-5327","page","type-page","status-publish","hentry"],"acf":[],"yoast_head":"<!-- This site is optimized with the Yoast SEO plugin v27.5 - https:\/\/yoast.com\/product\/yoast-seo-wordpress\/ -->\n<title>Ressourcen - Historial de la Grande Guerre<\/title>\n<meta name=\"robots\" content=\"index, follow, max-snippet:-1, max-image-preview:large, max-video-preview:-1\" \/>\n<link rel=\"canonical\" href=\"https:\/\/www.historial.fr\/de\/ressourcen\/internationale-forschungszentrum\/ressourcen\/\" \/>\n<meta property=\"og:locale\" content=\"de_DE\" \/>\n<meta property=\"og:type\" content=\"article\" \/>\n<meta property=\"og:title\" content=\"Ressourcen - Historial de la Grande Guerre\" \/>\n<meta property=\"og:description\" content=\"Ressourcen Konferenzen, Kolloquien &amp; Ver\u00f6ffentlichungen Hier finden Sie Bekanntmachungen von Konferenzen und Kolloquien, eine Liste der j\u00fcngsten Ver\u00f6ffentlichungen sowie die neuesten aufgezeichneten Konferenzen \u00ab Centenaire de la partition de l\u2019Irlande [&hellip;]\" \/>\n<meta property=\"og:url\" content=\"https:\/\/www.historial.fr\/de\/ressourcen\/internationale-forschungszentrum\/ressourcen\/\" \/>\n<meta property=\"og:site_name\" content=\"Historial de la Grande Guerre\" \/>\n<meta property=\"article:modified_time\" content=\"2024-03-18T09:23:48+00:00\" \/>\n<meta name=\"twitter:card\" content=\"summary_large_image\" \/>\n<meta name=\"twitter:label1\" content=\"Gesch\u00e4tzte Lesezeit\" \/>\n\t<meta name=\"twitter:data1\" content=\"4\u00a0Minuten\" \/>\n<script type=\"application\/ld+json\" class=\"yoast-schema-graph\">{\"@context\":\"https:\\\/\\\/schema.org\",\"@graph\":[{\"@type\":\"WebPage\",\"@id\":\"https:\\\/\\\/www.historial.fr\\\/de\\\/ressourcen\\\/internationale-forschungszentrum\\\/ressourcen\\\/\",\"url\":\"https:\\\/\\\/www.historial.fr\\\/de\\\/ressourcen\\\/internationale-forschungszentrum\\\/ressourcen\\\/\",\"name\":\"Ressourcen - Historial de la Grande Guerre\",\"isPartOf\":{\"@id\":\"https:\\\/\\\/www.historial.fr\\\/#website\"},\"datePublished\":\"2023-12-07T13:44:08+00:00\",\"dateModified\":\"2024-03-18T09:23:48+00:00\",\"breadcrumb\":{\"@id\":\"https:\\\/\\\/www.historial.fr\\\/de\\\/ressourcen\\\/internationale-forschungszentrum\\\/ressourcen\\\/#breadcrumb\"},\"inLanguage\":\"de\",\"potentialAction\":[{\"@type\":\"ReadAction\",\"target\":[\"https:\\\/\\\/www.historial.fr\\\/de\\\/ressourcen\\\/internationale-forschungszentrum\\\/ressourcen\\\/\"]}]},{\"@type\":\"BreadcrumbList\",\"@id\":\"https:\\\/\\\/www.historial.fr\\\/de\\\/ressourcen\\\/internationale-forschungszentrum\\\/ressourcen\\\/#breadcrumb\",\"itemListElement\":[{\"@type\":\"ListItem\",\"position\":1,\"name\":\"Accueil\",\"item\":\"https:\\\/\\\/www.historial.fr\\\/de\\\/\"},{\"@type\":\"ListItem\",\"position\":2,\"name\":\"Ressourcen\",\"item\":\"https:\\\/\\\/www.historial.fr\\\/de\\\/ressourcen\\\/\"},{\"@type\":\"ListItem\",\"position\":3,\"name\":\"Internationale Forschungszentrum\",\"item\":\"https:\\\/\\\/www.historial.fr\\\/de\\\/ressourcen\\\/internationale-forschungszentrum\\\/\"},{\"@type\":\"ListItem\",\"position\":4,\"name\":\"Ressourcen\"}]},{\"@type\":\"WebSite\",\"@id\":\"https:\\\/\\\/www.historial.fr\\\/#website\",\"url\":\"https:\\\/\\\/www.historial.fr\\\/\",\"name\":\"Historial de la Grande Guerre\",\"description\":\"Mus\u00e9e de la Premi\u00e8re Guerre Mondiale\",\"potentialAction\":[{\"@type\":\"SearchAction\",\"target\":{\"@type\":\"EntryPoint\",\"urlTemplate\":\"https:\\\/\\\/www.historial.fr\\\/?s={search_term_string}\"},\"query-input\":{\"@type\":\"PropertyValueSpecification\",\"valueRequired\":true,\"valueName\":\"search_term_string\"}}],\"inLanguage\":\"de\"}]}<\/script>\n<!-- \/ Yoast SEO plugin. -->","yoast_head_json":{"title":"Ressourcen - Historial de la Grande Guerre","robots":{"index":"index","follow":"follow","max-snippet":"max-snippet:-1","max-image-preview":"max-image-preview:large","max-video-preview":"max-video-preview:-1"},"canonical":"https:\/\/www.historial.fr\/de\/ressourcen\/internationale-forschungszentrum\/ressourcen\/","og_locale":"de_DE","og_type":"article","og_title":"Ressourcen - Historial de la Grande Guerre","og_description":"Ressourcen Konferenzen, Kolloquien &amp; Ver\u00f6ffentlichungen Hier finden Sie Bekanntmachungen von Konferenzen und Kolloquien, eine Liste der j\u00fcngsten Ver\u00f6ffentlichungen sowie die neuesten aufgezeichneten Konferenzen \u00ab Centenaire de la partition de l\u2019Irlande [&hellip;]","og_url":"https:\/\/www.historial.fr\/de\/ressourcen\/internationale-forschungszentrum\/ressourcen\/","og_site_name":"Historial de la Grande Guerre","article_modified_time":"2024-03-18T09:23:48+00:00","twitter_card":"summary_large_image","twitter_misc":{"Gesch\u00e4tzte Lesezeit":"4\u00a0Minuten"},"schema":{"@context":"https:\/\/schema.org","@graph":[{"@type":"WebPage","@id":"https:\/\/www.historial.fr\/de\/ressourcen\/internationale-forschungszentrum\/ressourcen\/","url":"https:\/\/www.historial.fr\/de\/ressourcen\/internationale-forschungszentrum\/ressourcen\/","name":"Ressourcen - Historial de la Grande Guerre","isPartOf":{"@id":"https:\/\/www.historial.fr\/#website"},"datePublished":"2023-12-07T13:44:08+00:00","dateModified":"2024-03-18T09:23:48+00:00","breadcrumb":{"@id":"https:\/\/www.historial.fr\/de\/ressourcen\/internationale-forschungszentrum\/ressourcen\/#breadcrumb"},"inLanguage":"de","potentialAction":[{"@type":"ReadAction","target":["https:\/\/www.historial.fr\/de\/ressourcen\/internationale-forschungszentrum\/ressourcen\/"]}]},{"@type":"BreadcrumbList","@id":"https:\/\/www.historial.fr\/de\/ressourcen\/internationale-forschungszentrum\/ressourcen\/#breadcrumb","itemListElement":[{"@type":"ListItem","position":1,"name":"Accueil","item":"https:\/\/www.historial.fr\/de\/"},{"@type":"ListItem","position":2,"name":"Ressourcen","item":"https:\/\/www.historial.fr\/de\/ressourcen\/"},{"@type":"ListItem","position":3,"name":"Internationale Forschungszentrum","item":"https:\/\/www.historial.fr\/de\/ressourcen\/internationale-forschungszentrum\/"},{"@type":"ListItem","position":4,"name":"Ressourcen"}]},{"@type":"WebSite","@id":"https:\/\/www.historial.fr\/#website","url":"https:\/\/www.historial.fr\/","name":"Historial de la Grande Guerre","description":"Mus\u00e9e de la Premi\u00e8re Guerre Mondiale","potentialAction":[{"@type":"SearchAction","target":{"@type":"EntryPoint","urlTemplate":"https:\/\/www.historial.fr\/?s={search_term_string}"},"query-input":{"@type":"PropertyValueSpecification","valueRequired":true,"valueName":"search_term_string"}}],"inLanguage":"de"}]}},"jetpack_sharing_enabled":true,"_links":{"self":[{"href":"https:\/\/www.historial.fr\/de\/wp-json\/wp\/v2\/pages\/5327","targetHints":{"allow":["GET"]}}],"collection":[{"href":"https:\/\/www.historial.fr\/de\/wp-json\/wp\/v2\/pages"}],"about":[{"href":"https:\/\/www.historial.fr\/de\/wp-json\/wp\/v2\/types\/page"}],"author":[{"embeddable":true,"href":"https:\/\/www.historial.fr\/de\/wp-json\/wp\/v2\/users\/2"}],"replies":[{"embeddable":true,"href":"https:\/\/www.historial.fr\/de\/wp-json\/wp\/v2\/comments?post=5327"}],"version-history":[{"count":13,"href":"https:\/\/www.historial.fr\/de\/wp-json\/wp\/v2\/pages\/5327\/revisions"}],"predecessor-version":[{"id":5340,"href":"https:\/\/www.historial.fr\/de\/wp-json\/wp\/v2\/pages\/5327\/revisions\/5340"}],"up":[{"embeddable":true,"href":"https:\/\/www.historial.fr\/de\/wp-json\/wp\/v2\/pages\/5209"}],"wp:attachment":[{"href":"https:\/\/www.historial.fr\/de\/wp-json\/wp\/v2\/media?parent=5327"}],"curies":[{"name":"wp","href":"https:\/\/api.w.org\/{rel}","templated":true}]}}