{"id":6951,"date":"2023-12-07T13:44:08","date_gmt":"2023-12-07T13:44:08","guid":{"rendered":"https:\/\/www.historial.fr\/middelen\/onderzoekscentrum\/middelen\/"},"modified":"2024-04-09T07:49:26","modified_gmt":"2024-04-09T07:49:26","slug":"middelen","status":"publish","type":"page","link":"https:\/\/www.historial.fr\/nl\/middelen\/onderzoekscentrum\/middelen\/","title":{"rendered":"Middelen"},"content":{"rendered":"\t\t<div data-elementor-type=\"wp-page\" data-elementor-id=\"6951\" class=\"elementor elementor-6951 elementor-408\">\n\t\t\t\t<div class=\"elementor-element elementor-element-6f3bdcfc e-flex e-con-boxed e-con e-parent\" data-id=\"6f3bdcfc\" data-element_type=\"container\" data-e-type=\"container\" data-settings=\"{&quot;background_background&quot;:&quot;classic&quot;}\">\n\t\t\t\t\t<div class=\"e-con-inner\">\n\t\t\t\t<div class=\"elementor-element elementor-element-66ce2d8d elementor-widget__width-inherit elementor-widget elementor-widget-heading\" data-id=\"66ce2d8d\" data-element_type=\"widget\" data-e-type=\"widget\" data-widget_type=\"heading.default\">\n\t\t\t\t<div class=\"elementor-widget-container\">\n\t\t\t\t\t<h1 class=\"elementor-heading-title elementor-size-default\">Middelen<\/h1>\t\t\t\t<\/div>\n\t\t\t\t<\/div>\n\t\t\t\t\t<\/div>\n\t\t\t\t<\/div>\n\t\t<div class=\"elementor-element elementor-element-6bfbe881 e-flex e-con-boxed e-con e-parent\" data-id=\"6bfbe881\" data-element_type=\"container\" data-e-type=\"container\">\n\t\t\t\t\t<div class=\"e-con-inner\">\n\t\t\t\t<div class=\"elementor-element elementor-element-7e97915 elementor-widget elementor-widget-heading\" data-id=\"7e97915\" data-element_type=\"widget\" data-e-type=\"widget\" data-widget_type=\"heading.default\">\n\t\t\t\t<div class=\"elementor-widget-container\">\n\t\t\t\t\t<h2 class=\"elementor-heading-title elementor-size-default\">Lezingen, colloquia &amp; publicaties<\/h2>\t\t\t\t<\/div>\n\t\t\t\t<\/div>\n\t\t\t\t<div class=\"elementor-element elementor-element-3636c8e8 elementor-widget elementor-widget-text-editor\" data-id=\"3636c8e8\" data-element_type=\"widget\" data-e-type=\"widget\" data-widget_type=\"text-editor.default\">\n\t\t\t\t<div class=\"elementor-widget-container\">\n\t\t\t\t\t\t\t\t\t<p>Vind hier alle aankondigingen van lezingen en colloquia, de lijst van recente publicaties en de laatste opgenomen lezingen.<\/p>\n\t\t\t\t\t\t\t\t<\/div>\n\t\t\t\t<\/div>\n\t\t\t\t\t<\/div>\n\t\t\t\t<\/div>\n\t\t<div class=\"elementor-element elementor-element-e02c37b e-flex e-con-boxed e-con e-parent\" data-id=\"e02c37b\" data-element_type=\"container\" data-e-type=\"container\">\n\t\t\t\t\t<div class=\"e-con-inner\">\n\t\t\t\t<div class=\"elementor-element elementor-element-c01dbf3 elementor-widget elementor-widget-heading\" data-id=\"c01dbf3\" data-element_type=\"widget\" data-e-type=\"widget\" data-widget_type=\"heading.default\">\n\t\t\t\t<div class=\"elementor-widget-container\">\n\t\t\t\t\t<h2 class=\"elementor-heading-title elementor-size-default\">\u00ab Centenaire de la partition de l\u2019Irlande en 1920 \u00bb (\u201cHonderdjarige herdenking van de deling van Ierland in 1920\u201d)\nVideolezing van John Horne\n<\/h2>\t\t\t\t<\/div>\n\t\t\t\t<\/div>\n\t\t\t\t<div class=\"elementor-element elementor-element-4069f2c elementor-widget elementor-widget-text-editor\" data-id=\"4069f2c\" data-element_type=\"widget\" data-e-type=\"widget\" data-widget_type=\"text-editor.default\">\n\t\t\t\t<div class=\"elementor-widget-container\">\n\t\t\t\t\t\t\t\t\t<p>In het kader van de <strong>Honderdjarige herdenking van de deling van Ierland <\/strong> in 1920, <strong>John Horne <\/strong> (Emeritushoogleraar aan het Trinity College Dublin, Vicevoorzitter van het Internationaal Onderzoekscentrum van het Historial de la Grande Guerre) ons de gebeurtenis door de ogen van de grote schrijver, journalist en oud-strijder, <strong>Joseph Kessel<\/strong>.<\/p>\n<p><a href=\"https:\/\/vimeo.com\/485901233\" target=\"_blank\" rel=\"noopener\">Bekijk de video<\/a><\/p>\n\t\t\t\t\t\t\t\t<\/div>\n\t\t\t\t<\/div>\n\t\t\t\t\t<\/div>\n\t\t\t\t<\/div>\n\t\t<div class=\"elementor-element elementor-element-193b8a3 e-flex e-con-boxed e-con e-parent\" data-id=\"193b8a3\" data-element_type=\"container\" data-e-type=\"container\">\n\t\t\t\t\t<div class=\"e-con-inner\">\n\t\t\t\t<div class=\"elementor-element elementor-element-a10e4fe elementor-widget elementor-widget-heading\" data-id=\"a10e4fe\" data-element_type=\"widget\" data-e-type=\"widget\" data-widget_type=\"heading.default\">\n\t\t\t\t<div class=\"elementor-widget-container\">\n\t\t\t\t\t<h2 class=\"elementor-heading-title elementor-size-default\">\u00ab L\u2019histoire de la c\u00e9r\u00e9monie du 11 novembre \u00bb (\u201cDe geschiedenis van de 11 november-ceremonie\u201d)\nVideolezing van Annette Becker\n<\/h2>\t\t\t\t<\/div>\n\t\t\t\t<\/div>\n\t\t\t\t<div class=\"elementor-element elementor-element-f75e149 elementor-widget elementor-widget-text-editor\" data-id=\"f75e149\" data-element_type=\"widget\" data-e-type=\"widget\" data-widget_type=\"text-editor.default\">\n\t\t\t\t<div class=\"elementor-widget-container\">\n\t\t\t\t\t\t\t\t\t<p>Ter gelegenheid van de honderdste verjaardag van de 11 november-ceremonie vertelt <strong>Annette Becker<\/strong> (Universiteit Paris-Nanterre, Vicevoorzitster van het Internationaal Onderzoekscentrum van het Historial de la Grande Guerre) ons de geschiedenis van deze ceremonie.<\/p>\n<p><a href=\"https:\/\/vimeo.com\/478002503\" target=\"_blank\" rel=\"noopener\">Bekijk de video<\/a><\/p>\n\t\t\t\t\t\t\t\t<\/div>\n\t\t\t\t<\/div>\n\t\t\t\t\t<\/div>\n\t\t\t\t<\/div>\n\t\t<div class=\"elementor-element elementor-element-cb434b7 e-flex e-con-boxed e-con e-parent\" data-id=\"cb434b7\" data-element_type=\"container\" data-e-type=\"container\">\n\t\t\t\t\t<div class=\"e-con-inner\">\n\t\t\t\t<div class=\"elementor-element elementor-element-a6e20ca elementor-widget elementor-widget-heading\" data-id=\"a6e20ca\" data-element_type=\"widget\" data-e-type=\"widget\" data-widget_type=\"heading.default\">\n\t\t\t\t<div class=\"elementor-widget-container\">\n\t\t\t\t\t<h2 class=\"elementor-heading-title elementor-size-default\">\u00ab Charles de Gaulle en Grande Guerre : le laboratoire de la Guerre de trente ans \u00bb (\u201cCharles de Gaulle in de Grote Oorlog: het laboratorium van de Dertigjarige Oorlog\u201d)\nLezing van Annette Becker\n<\/h2>\t\t\t\t<\/div>\n\t\t\t\t<\/div>\n\t\t\t\t<div class=\"elementor-element elementor-element-c17a2f5 elementor-widget elementor-widget-text-editor\" data-id=\"c17a2f5\" data-element_type=\"widget\" data-e-type=\"widget\" data-widget_type=\"text-editor.default\">\n\t\t\t\t<div class=\"elementor-widget-container\">\n\t\t\t\t\t\t\t\t\t<p>De Eerste Wereldoorlog van de net aan Saint-Cyr afgestudeerde man uit Lille werd lange tijd onderschat. En toch hebben de bezette regio in het Noorden, de gevechten van de jonge luitenant en vooral de bittere ervaring van de gevangenenkampen sterk bijgedragen aan zijn latere daden.<\/p>\n<p><a href=\"https:\/\/vimeo.com\/429936600\" target=\"_blank\" rel=\"noopener\">Bekijk de video<\/a><\/p>\n\t\t\t\t\t\t\t\t<\/div>\n\t\t\t\t<\/div>\n\t\t\t\t\t<\/div>\n\t\t\t\t<\/div>\n\t\t<div class=\"elementor-element elementor-element-0d9218b e-flex e-con-boxed e-con e-parent\" data-id=\"0d9218b\" data-element_type=\"container\" data-e-type=\"container\">\n\t\t\t\t\t<div class=\"e-con-inner\">\n\t\t\t\t<div class=\"elementor-element elementor-element-973158e elementor-widget elementor-widget-heading\" data-id=\"973158e\" data-element_type=\"widget\" data-e-type=\"widget\" data-widget_type=\"heading.default\">\n\t\t\t\t<div class=\"elementor-widget-container\">\n\t\t\t\t\t<h2 class=\"elementor-heading-title elementor-size-default\">\u00ab La crise fran\u00e7aise du Covid-19 : pr\u00e9sences de la Grande Guerre \u00bb (\u201cDe Franse Covid-19 crisis: aanwezigheid van de Grote Oorlog\u201d)\nLezing van St\u00e9phane Audoin-Rouzeau\n<\/h2>\t\t\t\t<\/div>\n\t\t\t\t<\/div>\n\t\t\t\t<div class=\"elementor-element elementor-element-9e2a440 elementor-widget elementor-widget-text-editor\" data-id=\"9e2a440\" data-element_type=\"widget\" data-e-type=\"widget\" data-widget_type=\"text-editor.default\">\n\t\t\t\t<div class=\"elementor-widget-container\">\n\t\t\t\t\t\t\t\t\t<p>De COVID-19 pandemie en een lange lockdown van twee maanden leidden in het Franse politieke discours tot in de hoogste regeringskringen tot een <strong>oorlogsretoriek die vooral om de Grote Oorlog draaide<\/strong>. Vooral de Franse President heeft woorden en beelden overgenomen die voor het eerst gebruikt werden tussen 1914 en 1918.<\/p>\n<p>In deze korte videolezing analyseert <strong>St\u00e9phane Audoin-Rouzeau, Voorzitter van het Internationale Onderzoekscentrum van het Historial de la Grande Guerre, <\/strong>dit massale beroep op de \u201creferent 14-18\u201d en onderzoekt deze specificiteit van het Franse historische geheugen in crisistijd.<\/p>\n<p><a href=\"https:\/\/vimeo.com\/425800125\" target=\"_blank\" rel=\"noopener\">Bekijk de video<\/a><\/p>\n\t\t\t\t\t\t\t\t<\/div>\n\t\t\t\t<\/div>\n\t\t\t\t\t<\/div>\n\t\t\t\t<\/div>\n\t\t<div class=\"elementor-element elementor-element-3743433 e-flex e-con-boxed e-con e-parent\" data-id=\"3743433\" data-element_type=\"container\" data-e-type=\"container\">\n\t\t\t\t\t<div class=\"e-con-inner\">\n\t\t\t\t<div class=\"elementor-element elementor-element-20d4860 elementor-widget elementor-widget-heading\" data-id=\"20d4860\" data-element_type=\"widget\" data-e-type=\"widget\" data-widget_type=\"heading.default\">\n\t\t\t\t<div class=\"elementor-widget-container\">\n\t\t\t\t\t<h2 class=\"elementor-heading-title elementor-size-default\">\u00ab Le douloureux enfantement d\u2019une nation sur une terre de sang : Ukraine, XX\u00e8me XXI\u00e8me Si\u00e8cles \u00bb (\u201cDe pijnlijke schepping van een natie in een land van bloed: Oekra\u00efne, 20e -21e eeuw\u201d)\nLezing van Nicolas Werth (CNRS)\n<\/h2>\t\t\t\t<\/div>\n\t\t\t\t<\/div>\n\t\t\t\t<div class=\"elementor-element elementor-element-4dfa90b elementor-widget elementor-widget-text-editor\" data-id=\"4dfa90b\" data-element_type=\"widget\" data-e-type=\"widget\" data-widget_type=\"text-editor.default\">\n\t\t\t\t<div class=\"elementor-widget-container\">\n\t\t\t\t\t\t\t\t\t<p>Pas in 1991 werd Oekra\u00efne, &#8220;land van grenzen&#8221; (de eigenlijke betekenis van het woord &#8220;Oekra\u00efne&#8221;), een natiestaat, na een lang en pijnlijk proces dat werd gekenmerkt door het mislukken, in 1917-1920, van een eerste onafhankelijkheid na de revoluties van 1917 die het Russische Rijk ten val brachten. Op 1 december 1991 sprak meer dan 90% van de burgers van wat toen nog de Socialistische Sovjetrepubliek Oekra\u00efne was, zich uit voor onafhankelijkheid. Deze onafhankelijkheid wordt nu aangevochten door het regime van Vladimir Poetin, die niet geaarzeld heeft om de eerste grote oorlog op Europese bodem in de 21<sup>e<\/sup> eeuw te ontketenen, zogenaamd om Oekra\u00efne te &#8220;denazificeren&#8221; en &#8220;demilitariseren&#8221;. Een Oekra\u00efne dat sindsdien opnieuw een &#8220;land van bloed&#8221; is geworden.<\/p>\n<p><a href=\"https:\/\/webtv.u-picardie.fr\/watch_video.php?v=5DD93C3A5CEA0D032F790C9C69FA2DC8\" target=\"_blank\" rel=\"noopener\">Web TV<\/a><\/p>\n\t\t\t\t\t\t\t\t<\/div>\n\t\t\t\t<\/div>\n\t\t\t\t\t<\/div>\n\t\t\t\t<\/div>\n\t\t<div class=\"elementor-element elementor-element-e4b4110 e-flex e-con-boxed e-con e-parent\" data-id=\"e4b4110\" data-element_type=\"container\" data-e-type=\"container\">\n\t\t\t\t\t<div class=\"e-con-inner\">\n\t\t\t\t<div class=\"elementor-element elementor-element-d02d1d5 elementor-widget elementor-widget-heading\" data-id=\"d02d1d5\" data-element_type=\"widget\" data-e-type=\"widget\" data-widget_type=\"heading.default\">\n\t\t\t\t<div class=\"elementor-widget-container\">\n\t\t\t\t\t<h2 class=\"elementor-heading-title elementor-size-default\">Encyclopedie van de Grote Oorlog <\/h2>\t\t\t\t<\/div>\n\t\t\t\t<\/div>\n\t\t\t\t<div class=\"elementor-element elementor-element-78d0895 elementor-widget elementor-widget-text-editor\" data-id=\"78d0895\" data-element_type=\"widget\" data-e-type=\"widget\" data-widget_type=\"text-editor.default\">\n\t\t\t\t<div class=\"elementor-widget-container\">\n\t\t\t\t\t\t\t\t\t<p>In deze rubriek vindt u de illustratieschriften van de nieuwe uitgave van 2012 van de <em>Encyclop\u00e9die de la Grande Guerre<\/em> in de Editions Perrin, Collection Tempus waarin meer dan zestig voorwerpen en werken zijn samengebracht die voor het merendeel nooit eerder gepubliceerd zijn en die allemaal afkomstig zijn uit de bijzonder rijke collectie van het Historial de la Grande Guerre in P\u00e9ronne.<\/p>\n<p><u>ISBN-nummers<\/u>: 978-2-262-03126-8 (Compleet), 978-2-262-03108-4 (Boekdeel 1), 978-2-262-03109-1 (Boekdeel 2)<\/p>\n<p>Encyclopedie van de Grote Oorlog \u2013 Boekdeel 1<br \/>Eerste deel: De wereld v\u00f3\u00f3r 1914 en het uitbreken van de oorlog<br \/>Tweede deel: Vechten<br \/>Derde deel: Oorlog voeren<\/p>\n<p>Encyclopedie van de Grote Oorlog \u2013 Boekdeel 2<br \/>Vierde deel: Binnenlandse fronten en oorlogscultuur<br \/>Vijfde deel: In de marge van de oorlog<br \/>Zesde deel: De afwikkeling van de oorlog<br \/>Zevende deel: Het stigma van de Grote Oorlog<\/p>\n\t\t\t\t\t\t\t\t<\/div>\n\t\t\t\t<\/div>\n\t\t\t\t\t<\/div>\n\t\t\t\t<\/div>\n\t\t\t\t<\/div>\n\t\t","protected":false},"excerpt":{"rendered":"<p>Middelen Lezingen, colloquia &amp; publicaties Vind hier alle aankondigingen van lezingen en colloquia, de lijst van recente publicaties en de laatste opgenomen lezingen. \u00ab Centenaire de la partition de l\u2019Irlande [&hellip;]<\/p>\n","protected":false},"author":2,"featured_media":0,"parent":5778,"menu_order":0,"comment_status":"closed","ping_status":"closed","template":"","meta":{"_acf_changed":false,"footnotes":""},"class_list":["post-6951","page","type-page","status-publish","hentry"],"acf":[],"yoast_head":"<!-- This site is optimized with the Yoast SEO plugin v27.5 - https:\/\/yoast.com\/product\/yoast-seo-wordpress\/ -->\n<title>Middelen - Historial de la Grande Guerre<\/title>\n<meta name=\"robots\" content=\"index, follow, max-snippet:-1, max-image-preview:large, max-video-preview:-1\" \/>\n<link rel=\"canonical\" href=\"https:\/\/www.historial.fr\/nl\/middelen\/onderzoekscentrum\/middelen\/\" \/>\n<meta property=\"og:locale\" content=\"nl_NL\" \/>\n<meta property=\"og:type\" content=\"article\" \/>\n<meta property=\"og:title\" content=\"Middelen - Historial de la Grande Guerre\" \/>\n<meta property=\"og:description\" content=\"Middelen Lezingen, colloquia &amp; publicaties Vind hier alle aankondigingen van lezingen en colloquia, de lijst van recente publicaties en de laatste opgenomen lezingen. \u00ab Centenaire de la partition de l\u2019Irlande [&hellip;]\" \/>\n<meta property=\"og:url\" content=\"https:\/\/www.historial.fr\/nl\/middelen\/onderzoekscentrum\/middelen\/\" \/>\n<meta property=\"og:site_name\" content=\"Historial de la Grande Guerre\" \/>\n<meta property=\"article:modified_time\" content=\"2024-04-09T07:49:26+00:00\" \/>\n<meta name=\"twitter:card\" content=\"summary_large_image\" \/>\n<meta name=\"twitter:label1\" content=\"Geschatte leestijd\" \/>\n\t<meta name=\"twitter:data1\" content=\"3 minuten\" \/>\n<script type=\"application\/ld+json\" class=\"yoast-schema-graph\">{\"@context\":\"https:\\\/\\\/schema.org\",\"@graph\":[{\"@type\":\"WebPage\",\"@id\":\"https:\\\/\\\/www.historial.fr\\\/nl\\\/middelen\\\/onderzoekscentrum\\\/middelen\\\/\",\"url\":\"https:\\\/\\\/www.historial.fr\\\/nl\\\/middelen\\\/onderzoekscentrum\\\/middelen\\\/\",\"name\":\"Middelen - Historial de la Grande Guerre\",\"isPartOf\":{\"@id\":\"https:\\\/\\\/www.historial.fr\\\/#website\"},\"datePublished\":\"2023-12-07T13:44:08+00:00\",\"dateModified\":\"2024-04-09T07:49:26+00:00\",\"breadcrumb\":{\"@id\":\"https:\\\/\\\/www.historial.fr\\\/nl\\\/middelen\\\/onderzoekscentrum\\\/middelen\\\/#breadcrumb\"},\"inLanguage\":\"nl-NL\",\"potentialAction\":[{\"@type\":\"ReadAction\",\"target\":[\"https:\\\/\\\/www.historial.fr\\\/nl\\\/middelen\\\/onderzoekscentrum\\\/middelen\\\/\"]}]},{\"@type\":\"BreadcrumbList\",\"@id\":\"https:\\\/\\\/www.historial.fr\\\/nl\\\/middelen\\\/onderzoekscentrum\\\/middelen\\\/#breadcrumb\",\"itemListElement\":[{\"@type\":\"ListItem\",\"position\":1,\"name\":\"Accueil\",\"item\":\"https:\\\/\\\/www.historial.fr\\\/nl\\\/\"},{\"@type\":\"ListItem\",\"position\":2,\"name\":\"Middelen\",\"item\":\"https:\\\/\\\/www.historial.fr\\\/nl\\\/middelen\\\/\"},{\"@type\":\"ListItem\",\"position\":3,\"name\":\"Onderzoekscentrum\",\"item\":\"https:\\\/\\\/www.historial.fr\\\/nl\\\/middelen\\\/onderzoekscentrum\\\/\"},{\"@type\":\"ListItem\",\"position\":4,\"name\":\"Middelen\"}]},{\"@type\":\"WebSite\",\"@id\":\"https:\\\/\\\/www.historial.fr\\\/#website\",\"url\":\"https:\\\/\\\/www.historial.fr\\\/\",\"name\":\"Historial de la Grande Guerre\",\"description\":\"Mus\u00e9e de la Premi\u00e8re Guerre Mondiale\",\"potentialAction\":[{\"@type\":\"SearchAction\",\"target\":{\"@type\":\"EntryPoint\",\"urlTemplate\":\"https:\\\/\\\/www.historial.fr\\\/?s={search_term_string}\"},\"query-input\":{\"@type\":\"PropertyValueSpecification\",\"valueRequired\":true,\"valueName\":\"search_term_string\"}}],\"inLanguage\":\"nl-NL\"}]}<\/script>\n<!-- \/ Yoast SEO plugin. -->","yoast_head_json":{"title":"Middelen - Historial de la Grande Guerre","robots":{"index":"index","follow":"follow","max-snippet":"max-snippet:-1","max-image-preview":"max-image-preview:large","max-video-preview":"max-video-preview:-1"},"canonical":"https:\/\/www.historial.fr\/nl\/middelen\/onderzoekscentrum\/middelen\/","og_locale":"nl_NL","og_type":"article","og_title":"Middelen - Historial de la Grande Guerre","og_description":"Middelen Lezingen, colloquia &amp; publicaties Vind hier alle aankondigingen van lezingen en colloquia, de lijst van recente publicaties en de laatste opgenomen lezingen. \u00ab Centenaire de la partition de l\u2019Irlande [&hellip;]","og_url":"https:\/\/www.historial.fr\/nl\/middelen\/onderzoekscentrum\/middelen\/","og_site_name":"Historial de la Grande Guerre","article_modified_time":"2024-04-09T07:49:26+00:00","twitter_card":"summary_large_image","twitter_misc":{"Geschatte leestijd":"3 minuten"},"schema":{"@context":"https:\/\/schema.org","@graph":[{"@type":"WebPage","@id":"https:\/\/www.historial.fr\/nl\/middelen\/onderzoekscentrum\/middelen\/","url":"https:\/\/www.historial.fr\/nl\/middelen\/onderzoekscentrum\/middelen\/","name":"Middelen - Historial de la Grande Guerre","isPartOf":{"@id":"https:\/\/www.historial.fr\/#website"},"datePublished":"2023-12-07T13:44:08+00:00","dateModified":"2024-04-09T07:49:26+00:00","breadcrumb":{"@id":"https:\/\/www.historial.fr\/nl\/middelen\/onderzoekscentrum\/middelen\/#breadcrumb"},"inLanguage":"nl-NL","potentialAction":[{"@type":"ReadAction","target":["https:\/\/www.historial.fr\/nl\/middelen\/onderzoekscentrum\/middelen\/"]}]},{"@type":"BreadcrumbList","@id":"https:\/\/www.historial.fr\/nl\/middelen\/onderzoekscentrum\/middelen\/#breadcrumb","itemListElement":[{"@type":"ListItem","position":1,"name":"Accueil","item":"https:\/\/www.historial.fr\/nl\/"},{"@type":"ListItem","position":2,"name":"Middelen","item":"https:\/\/www.historial.fr\/nl\/middelen\/"},{"@type":"ListItem","position":3,"name":"Onderzoekscentrum","item":"https:\/\/www.historial.fr\/nl\/middelen\/onderzoekscentrum\/"},{"@type":"ListItem","position":4,"name":"Middelen"}]},{"@type":"WebSite","@id":"https:\/\/www.historial.fr\/#website","url":"https:\/\/www.historial.fr\/","name":"Historial de la Grande Guerre","description":"Mus\u00e9e de la Premi\u00e8re Guerre Mondiale","potentialAction":[{"@type":"SearchAction","target":{"@type":"EntryPoint","urlTemplate":"https:\/\/www.historial.fr\/?s={search_term_string}"},"query-input":{"@type":"PropertyValueSpecification","valueRequired":true,"valueName":"search_term_string"}}],"inLanguage":"nl-NL"}]}},"jetpack_sharing_enabled":true,"_links":{"self":[{"href":"https:\/\/www.historial.fr\/nl\/wp-json\/wp\/v2\/pages\/6951","targetHints":{"allow":["GET"]}}],"collection":[{"href":"https:\/\/www.historial.fr\/nl\/wp-json\/wp\/v2\/pages"}],"about":[{"href":"https:\/\/www.historial.fr\/nl\/wp-json\/wp\/v2\/types\/page"}],"author":[{"embeddable":true,"href":"https:\/\/www.historial.fr\/nl\/wp-json\/wp\/v2\/users\/2"}],"replies":[{"embeddable":true,"href":"https:\/\/www.historial.fr\/nl\/wp-json\/wp\/v2\/comments?post=6951"}],"version-history":[{"count":1,"href":"https:\/\/www.historial.fr\/nl\/wp-json\/wp\/v2\/pages\/6951\/revisions"}],"predecessor-version":[{"id":6952,"href":"https:\/\/www.historial.fr\/nl\/wp-json\/wp\/v2\/pages\/6951\/revisions\/6952"}],"up":[{"embeddable":true,"href":"https:\/\/www.historial.fr\/nl\/wp-json\/wp\/v2\/pages\/5778"}],"wp:attachment":[{"href":"https:\/\/www.historial.fr\/nl\/wp-json\/wp\/v2\/media?parent=6951"}],"curies":[{"name":"wp","href":"https:\/\/api.w.org\/{rel}","templated":true}]}}